{"id":161,"date":"2024-08-08T16:40:39","date_gmt":"2024-08-08T14:40:39","guid":{"rendered":"https:\/\/inedix.fr\/?page_id=161"},"modified":"2026-04-07T15:22:53","modified_gmt":"2026-04-07T13:22:53","slug":"prestations","status":"publish","type":"page","link":"https:\/\/inedix.fr\/index.php\/prestations\/","title":{"rendered":"Services"},"content":{"rendered":"\n<div class=\"wp-block-columns alignwide are-vertically-aligned-top is-layout-flex wp-container-core-columns-is-layout-8f761849 wp-block-columns-is-layout-flex\">\n<div class=\"wp-block-column is-vertically-aligned-top is-layout-flow wp-block-column-is-layout-flow\">\n<h3 class=\"wp-block-heading has-text-align-center has-red-color has-text-color has-link-color wp-elements-1\" id=\"organisation\">La s\u00e9r\u00e9nit\u00e9 dans l&rsquo;adversit\u00e9<\/h3>\n\n\n\n<p class=\"has-text-align-center has-red-color has-text-color has-link-color wp-elements-2 wp-block-paragraph\">Toute organisation a \u00e9t\u00e9, est, ou sera confront\u00e9e \u00e0 l&rsquo;adversit\u00e9. S\u00e9curiser votre entreprise, c&rsquo;est lui permettre de traverser les temps difficiles et de pr\u00e9parer son avenir.<\/p>\n\n\n\n<p class=\"has-text-align-center has-red-color has-text-color has-link-color wp-elements-3 wp-block-paragraph\">Nous avons identifi\u00e9 6 domaines principaux pour accroitre le niveau de s\u00fbret\u00e9 de votre organisation :<\/p>\n<\/div>\n<\/div>\n\n\n\n<div class=\"wp-block-columns alignwide are-vertically-aligned-top is-layout-flex wp-container-core-columns-is-layout-8f761849 wp-block-columns-is-layout-flex\">\n<div class=\"wp-block-column is-vertically-aligned-top is-layout-flow wp-block-column-is-layout-flow\">\n<h3 class=\"wp-block-heading has-text-align-center has-white-color has-text-color has-link-color wp-elements-4\" id=\"surete\">S\u00e9curisation<\/h3>\n\n\n\n<p class=\"has-white-color has-text-color has-link-color wp-elements-5 wp-block-paragraph\">La s\u00e9curisation pr\u00e9vient les atteintes \u00e0 vos biens (sites, information, documents) et tranquillise vos d\u00e9placements. <\/p>\n\n\n\n<p class=\"has-white-color has-text-color has-link-color wp-elements-6 wp-block-paragraph\"><em>Mes 40 ann\u00e9es de service et ma <a href=\"http:\/\/davadie.bzh\/wp-content\/uploads\/2020\/12\/ThesevFinale.pdf\">th\u00e8se de doctorat<\/a> d\u00e9di\u00e9e \u00e0 la s\u00fbret\u00e9 d\u2019entreprise sont mes atouts majeurs dans ce domaine.<\/em><\/p>\n\n\n\n<p class=\"has-white-color has-text-color has-link-color wp-elements-7 wp-block-paragraph\"><span style=\"text-decoration: underline;\">Offre<\/span>\u00a0: audit suret\u00e9, r\u00e9daction d\u2019une politique et d&rsquo;un plan de s\u00fbret\u00e9, aide \u00e0 la cr\u00e9ation d\u2019une direction de la s\u00fbret\u00e9, formation \u00e0 la d\u00e9tection de <a href=\"https:\/\/inedix.fr\/wp-content\/uploads\/2026\/04\/DetectionFraudeIdentiteFormation.pdf\">fraude \u00e0 l&rsquo;identit\u00e9<\/a>.<\/p>\n\n\n\n<figure class=\"wp-block-image size-large\"><img loading=\"lazy\" decoding=\"async\" width=\"1024\" height=\"433\" src=\"https:\/\/inedix.fr\/wp-content\/uploads\/2024\/08\/PlanSureteC-1024x433.jpg\" alt=\"\" class=\"wp-image-203\" srcset=\"https:\/\/inedix.fr\/wp-content\/uploads\/2024\/08\/PlanSureteC-1024x433.jpg 1024w, https:\/\/inedix.fr\/wp-content\/uploads\/2024\/08\/PlanSureteC-300x127.jpg 300w, https:\/\/inedix.fr\/wp-content\/uploads\/2024\/08\/PlanSureteC-768x324.jpg 768w, https:\/\/inedix.fr\/wp-content\/uploads\/2024\/08\/PlanSureteC-1536x649.jpg 1536w, https:\/\/inedix.fr\/wp-content\/uploads\/2024\/08\/PlanSureteC-2048x865.jpg 2048w, https:\/\/inedix.fr\/wp-content\/uploads\/2024\/08\/PlanSureteC-1568x662.jpg 1568w\" sizes=\"auto, (max-width: 1024px) 100vw, 1024px\" \/><\/figure>\n<\/div>\n\n\n\n<div class=\"wp-block-column is-vertically-aligned-top is-layout-flow wp-block-column-is-layout-flow\">\n<h3 class=\"wp-block-heading has-text-align-center has-white-color has-text-color has-link-color wp-elements-8\" id=\"ethique\">\u00c9thique<\/h3>\n\n\n\n<p class=\"has-white-color has-text-color has-link-color wp-elements-9 wp-block-paragraph\">L\u2019\u00e9thique est gage de transparence dans votre prise de d\u00e9cision et peut vous alerter de mani\u00e8re pr\u00e9coce.<\/p>\n\n\n\n<p class=\"has-white-color has-text-color has-link-color wp-elements-10 wp-block-paragraph\"><em>Mon exp\u00e9rience de la cr\u00e9ation et de l\u2019animation pendant 5 ans d\u2019un comit\u00e9 d\u2019\u00e9thique me donnent la l\u00e9gitimit\u00e9 pour accomplir ces missions.<\/em><\/p>\n\n\n\n<p class=\"has-white-color has-text-color has-link-color wp-elements-11 wp-block-paragraph\"><span style=\"text-decoration: underline;\">Offre<\/span>&nbsp;: r\u00e9daction d\u2019une charte \u00e9thique, mise en place d\u2019un comit\u00e9 d\u2019\u00e9thique, animation du comit\u00e9 d\u2019\u00e9thique.<\/p>\n\n\n\n<figure class=\"wp-block-image size-large\"><img loading=\"lazy\" decoding=\"async\" width=\"1024\" height=\"416\" src=\"https:\/\/inedix.fr\/wp-content\/uploads\/2024\/08\/CharteDeontologiqueC-1024x416.jpg\" alt=\"\" class=\"wp-image-199\" srcset=\"https:\/\/inedix.fr\/wp-content\/uploads\/2024\/08\/CharteDeontologiqueC-1024x416.jpg 1024w, https:\/\/inedix.fr\/wp-content\/uploads\/2024\/08\/CharteDeontologiqueC-300x122.jpg 300w, https:\/\/inedix.fr\/wp-content\/uploads\/2024\/08\/CharteDeontologiqueC-768x312.jpg 768w, https:\/\/inedix.fr\/wp-content\/uploads\/2024\/08\/CharteDeontologiqueC-1536x624.jpg 1536w, https:\/\/inedix.fr\/wp-content\/uploads\/2024\/08\/CharteDeontologiqueC-2048x832.jpg 2048w, https:\/\/inedix.fr\/wp-content\/uploads\/2024\/08\/CharteDeontologiqueC-1568x637.jpg 1568w\" sizes=\"auto, (max-width: 1024px) 100vw, 1024px\" \/><\/figure>\n<\/div>\n\n\n\n<div class=\"wp-block-column is-vertically-aligned-top is-layout-flow wp-block-column-is-layout-flow\">\n<h3 class=\"wp-block-heading has-text-align-center has-white-color has-text-color has-link-color wp-elements-12\" id=\"innovation\">Innovation<\/h3>\n\n\n\n<p class=\"has-white-color has-text-color has-link-color wp-elements-13 wp-block-paragraph\">L\u2019innovation vous fera gagner en comp\u00e9titivit\u00e9 en devan\u00e7ant vos concurrents.<\/p>\n\n\n\n<p class=\"has-white-color has-text-color has-link-color wp-elements-14 wp-block-paragraph\"><em>Mes 7 ann\u00e9es d\u2019accompagnement d\u2019innovateurs et mon \u00e9tude des facteurs d\u2019\u00e9chec de l\u2019innovation repr\u00e9sentent un plus ind\u00e9niable.<\/em><\/p>\n\n\n\n<p class=\"has-white-color has-text-color has-link-color wp-elements-15 wp-block-paragraph\"><span style=\"text-decoration: underline;\">Offre<\/span>&nbsp;: identification des freins \u00e0 l\u2019innovation, d\u00e9finition et suivi d&rsquo;une politique d\u2019encouragement \u00e0 l\u2019innovation.<\/p>\n\n\n\n<figure class=\"wp-block-image size-large\"><img loading=\"lazy\" decoding=\"async\" width=\"1024\" height=\"433\" src=\"https:\/\/inedix.fr\/wp-content\/uploads\/2024\/08\/PlanInnovationC-1024x433.jpg\" alt=\"\" class=\"wp-image-200\" srcset=\"https:\/\/inedix.fr\/wp-content\/uploads\/2024\/08\/PlanInnovationC-1024x433.jpg 1024w, https:\/\/inedix.fr\/wp-content\/uploads\/2024\/08\/PlanInnovationC-300x127.jpg 300w, https:\/\/inedix.fr\/wp-content\/uploads\/2024\/08\/PlanInnovationC-768x324.jpg 768w, https:\/\/inedix.fr\/wp-content\/uploads\/2024\/08\/PlanInnovationC-1536x649.jpg 1536w, https:\/\/inedix.fr\/wp-content\/uploads\/2024\/08\/PlanInnovationC-2048x865.jpg 2048w, https:\/\/inedix.fr\/wp-content\/uploads\/2024\/08\/PlanInnovationC-1568x662.jpg 1568w\" sizes=\"auto, (max-width: 1024px) 100vw, 1024px\" \/><\/figure>\n<\/div>\n<\/div>\n\n\n\n<div class=\"wp-block-columns alignwide are-vertically-aligned-top is-layout-flex wp-container-core-columns-is-layout-8f761849 wp-block-columns-is-layout-flex\">\n<div class=\"wp-block-column is-vertically-aligned-top is-layout-flow wp-block-column-is-layout-flow\">\n<h3 class=\"wp-block-heading has-text-align-center has-white-color has-text-color has-link-color wp-elements-16\" id=\"organisation\">Organisation<\/h3>\n\n\n\n<p class=\"has-white-color has-text-color has-link-color wp-elements-17 wp-block-paragraph\">Les habitudes grippent le fonctionnement d&rsquo;une organisation. Comment retrouver l&rsquo;agilit\u00e9 qui a fait votre force ?<\/p>\n\n\n\n<p class=\"has-white-color has-text-color has-link-color wp-elements-18 wp-block-paragraph\"><em>Mon doctorat en sciences de gestion fondera mes propositions sur des connaissances scientifiques.<\/em><\/p>\n\n\n\n<p class=\"has-white-color has-text-color has-link-color wp-elements-19 wp-block-paragraph\"><span style=\"text-decoration: underline;\">Offre<\/span>&nbsp;: audit organisationnel, recommandations manag\u00e9riales.<\/p>\n\n\n\n<figure class=\"wp-block-image size-large\"><img loading=\"lazy\" decoding=\"async\" width=\"1024\" height=\"421\" src=\"https:\/\/inedix.fr\/wp-content\/uploads\/2024\/08\/PlanOrganisationC-1024x421.jpg\" alt=\"\" class=\"wp-image-201\" srcset=\"https:\/\/inedix.fr\/wp-content\/uploads\/2024\/08\/PlanOrganisationC-1024x421.jpg 1024w, https:\/\/inedix.fr\/wp-content\/uploads\/2024\/08\/PlanOrganisationC-300x123.jpg 300w, https:\/\/inedix.fr\/wp-content\/uploads\/2024\/08\/PlanOrganisationC-768x316.jpg 768w, https:\/\/inedix.fr\/wp-content\/uploads\/2024\/08\/PlanOrganisationC-1536x632.jpg 1536w, https:\/\/inedix.fr\/wp-content\/uploads\/2024\/08\/PlanOrganisationC-2048x842.jpg 2048w, https:\/\/inedix.fr\/wp-content\/uploads\/2024\/08\/PlanOrganisationC-1568x645.jpg 1568w\" sizes=\"auto, (max-width: 1024px) 100vw, 1024px\" \/><\/figure>\n<\/div>\n\n\n\n<div class=\"wp-block-column is-vertically-aligned-top is-layout-flow wp-block-column-is-layout-flow\">\n<h3 class=\"wp-block-heading has-text-align-center has-white-color has-text-color has-link-color wp-elements-20\" id=\"crise\">Crise<\/h3>\n\n\n\n<p class=\"has-white-color has-text-color has-link-color wp-elements-21 wp-block-paragraph\">La crise ou la polycrise peuvent vous frapper. La traverser sereinement est le gage d&rsquo;une reprise rapide.<\/p>\n\n\n\n<p class=\"has-white-color has-text-color has-link-color wp-elements-22 wp-block-paragraph\"><em>Ma carri\u00e8re riche en situations complexes et mon sens p\u00e9dagogique font la diff\u00e9rence<\/em><\/p>\n\n\n\n<p class=\"has-white-color has-text-color has-link-color wp-elements-23 wp-block-paragraph\"><span style=\"text-decoration: underline;\">Offre<\/span>\u00a0: formation <a href=\"https:\/\/inedix.fr\/wp-content\/uploads\/2026\/04\/FormationAnticipationCrise.pdf\">pr\u00e9paratoire \u00e0 la crise<\/a> et \u00e0 <a href=\"https:\/\/inedix.fr\/wp-content\/uploads\/2026\/04\/CriseCyberFormation.pdf\">la crise cyber<\/a>,  mises en situation, accompagnement durant la crise.<\/p>\n\n\n\n<figure class=\"wp-block-image size-large\"><img loading=\"lazy\" decoding=\"async\" width=\"1024\" height=\"421\" src=\"https:\/\/inedix.fr\/wp-content\/uploads\/2024\/08\/PreparerCriseC-1024x421.jpg\" alt=\"\" class=\"wp-image-202\" srcset=\"https:\/\/inedix.fr\/wp-content\/uploads\/2024\/08\/PreparerCriseC-1024x421.jpg 1024w, https:\/\/inedix.fr\/wp-content\/uploads\/2024\/08\/PreparerCriseC-300x123.jpg 300w, https:\/\/inedix.fr\/wp-content\/uploads\/2024\/08\/PreparerCriseC-768x316.jpg 768w, https:\/\/inedix.fr\/wp-content\/uploads\/2024\/08\/PreparerCriseC-1536x632.jpg 1536w, https:\/\/inedix.fr\/wp-content\/uploads\/2024\/08\/PreparerCriseC-2048x842.jpg 2048w, https:\/\/inedix.fr\/wp-content\/uploads\/2024\/08\/PreparerCriseC-1568x645.jpg 1568w\" sizes=\"auto, (max-width: 1024px) 100vw, 1024px\" \/><\/figure>\n<\/div>\n\n\n\n<div class=\"wp-block-column is-vertically-aligned-top is-layout-flow wp-block-column-is-layout-flow\">\n<h3 class=\"wp-block-heading has-text-align-center has-white-color has-text-color has-link-color wp-elements-24\" id=\"formation\">Formation<\/h3>\n\n\n\n<p class=\"has-white-color has-text-color has-link-color wp-elements-25 wp-block-paragraph\">La complexification de l&rsquo;environnement rend n\u00e9cessaire la remise en question de ses savoirs et savoir-faire.<\/p>\n\n\n\n<p class=\"has-white-color has-text-color has-link-color wp-elements-26 wp-block-paragraph\"><em>Mon exp\u00e9rience p\u00e9dagogique (cours en pr\u00e9sence et \u00e0 distance) permet de r\u00e9pondre \u00e0 votre demande.<\/em><\/p>\n\n\n\n<p class=\"has-white-color has-text-color has-link-color wp-elements-27 wp-block-paragraph\"><span style=\"text-decoration: underline;\">Offre<\/span>&nbsp;: \u00e9valuation des besoins en formation, r\u00e9daction d&rsquo;un plan de formation, conception et r\u00e9alisation de formations.<\/p>\n\n\n\n<figure class=\"wp-block-image size-large\"><img loading=\"lazy\" decoding=\"async\" width=\"1024\" height=\"433\" src=\"https:\/\/inedix.fr\/wp-content\/uploads\/2024\/08\/ConstruireFormationC-1024x433.jpg\" alt=\"\" class=\"wp-image-206\" srcset=\"https:\/\/inedix.fr\/wp-content\/uploads\/2024\/08\/ConstruireFormationC-1024x433.jpg 1024w, https:\/\/inedix.fr\/wp-content\/uploads\/2024\/08\/ConstruireFormationC-300x127.jpg 300w, https:\/\/inedix.fr\/wp-content\/uploads\/2024\/08\/ConstruireFormationC-768x324.jpg 768w, https:\/\/inedix.fr\/wp-content\/uploads\/2024\/08\/ConstruireFormationC-1536x649.jpg 1536w, https:\/\/inedix.fr\/wp-content\/uploads\/2024\/08\/ConstruireFormationC-2048x865.jpg 2048w, https:\/\/inedix.fr\/wp-content\/uploads\/2024\/08\/ConstruireFormationC-1568x662.jpg 1568w\" sizes=\"auto, (max-width: 1024px) 100vw, 1024px\" \/><\/figure>\n<\/div>\n<\/div>\n\n\n\n<h2 class=\"wp-block-heading has-text-align-center has-red-color has-text-color has-link-color wp-elements-28\">Ressources utiles<\/h2>\n\n\n\n<p class=\"has-text-align-center has-red-color has-text-color has-link-color wp-elements-29 wp-block-paragraph\" style=\"padding-top:0;padding-right:0;padding-bottom:0;padding-left:0\">Vous souhaitez b\u00e9n\u00e9ficier d&rsquo;un diagnostic gratuit, d&rsquo;un accompagnement personnalis\u00e9 ?<\/p>\n\n\n\n<p class=\"has-text-align-center has-red-color has-text-color has-link-color wp-elements-30 wp-block-paragraph\" style=\"padding-top:0;padding-right:0;padding-bottom:0;padding-left:0\">  Prenez rendez-vous en allant sur cette <a href=\"https:\/\/inedix.fr\/index.php\/wp-booking-calendar\/\">page<\/a>.<\/p>\n\n\n\n<div class=\"wp-block-columns alignwide are-vertically-aligned-top is-layout-flex wp-container-core-columns-is-layout-8f761849 wp-block-columns-is-layout-flex\">\n<div class=\"wp-block-column is-vertically-aligned-top is-layout-flow wp-block-column-is-layout-flow\">\n<h3 class=\"wp-block-heading has-text-align-center has-red-color has-text-color has-link-color wp-elements-31\" id=\"organisation\">Organisation et s\u00fbret\u00e9<\/h3>\n\n\n\n<ul class=\"wp-block-list\">\n<li class=\"has-red-color has-text-color has-link-color wp-elements-32\">ma th\u00e8se de doctorat en sciences de gestion \u00ab\u00a0l<a href=\"https:\/\/theses.fr\/2020PA020021\">e directeur s\u00fbret\u00e9, un personnage en qu\u00eate de l\u00e9gitimit\u00e9<\/a>\u00a0\u00bb qui a obtenu le <a href=\"https:\/\/www.andese.org\/les-prix-de-l-andese\/prix-de-these\/241-prix-de-these-2021.html\" data-type=\"link\" data-id=\"https:\/\/www.andese.org\/les-prix-de-l-andese\/prix-de-these\/241-prix-de-these-2021.html\">prix de th\u00e8se de l&rsquo;ANDESE<\/a>, le prix de th\u00e8se de l&rsquo;universit\u00e9 et le <a href=\"https:\/\/www.gendarmerie.interieur.gouv.fr\/crgn\/actus\/laureats-des-prix-recherche-et-reflexion-strategique-de-la-gendarmerie-nationale-annee-2021\">prix de th\u00e8se de la Gendarmerie<\/a> ;<\/li>\n\n\n\n<li class=\"has-red-color has-text-color has-link-color wp-elements-33\">le livre \u00ab\u00a0<a href=\"https:\/\/www.economica.fr\/livre-l-entreprise-nouveaux-defis-cyber-davadie-philippe-c2x32211178\" data-type=\"link\" data-id=\"https:\/\/www.economica.fr\/livre-l-entreprise-nouveaux-defis-cyber-davadie-philippe-c2x32211178\">l&rsquo;entreprise, nouveaux d\u00e9fis cyber<\/a>\u00a0\u00bb publi\u00e9 chez Economica ;<\/li>\n\n\n\n<li class=\"has-red-color has-text-color has-link-color wp-elements-34\"> une note \u00ab\u00a0<a href=\"https:\/\/www.gendarmerie.interieur.gouv.fr\/crgn\/publications\/les-notes-du-creogn\/organiser-la-fiabilite\">organiser la fiabilit\u00e9<\/a>\u00a0\u00bb .<\/li>\n<\/ul>\n\n\n\n<p class=\"wp-block-paragraph\"><\/p>\n<\/div>\n\n\n\n<div class=\"wp-block-column is-vertically-aligned-top is-layout-flow wp-block-column-is-layout-flow\">\n<h3 class=\"wp-block-heading has-text-align-center has-red-color has-text-color has-link-color wp-elements-35\" id=\"crise\">Innovation et \u00e9thique<\/h3>\n\n\n\n<ul class=\"wp-block-list\">\n<li class=\"has-red-color has-text-color has-link-color wp-elements-36\">une note \u00ab\u00a0<a href=\"https:\/\/www.gendarmerie.interieur.gouv.fr\/crgn\/publications\/les-notes-du-creogn\/ethique-et-innovation-conflits-dans-l-organisation\" data-type=\"link\" data-id=\"https:\/\/www.gendarmerie.interieur.gouv.fr\/crgn\/publications\/les-notes-du-creogn\/ethique-et-innovation-conflits-dans-l-organisation\">\u00e9thique et innovation : conflits dans l&rsquo;organisation<\/a>\u00a0\u00bb ;<\/li>\n\n\n\n<li class=\"has-red-color has-text-color has-link-color wp-elements-37\">une note exposant comment une unit\u00e9 de gendarmerie a mis au point sa \u00ab\u00a0<a href=\"https:\/\/www.gendarmerie.interieur.gouv.fr\/crgn\/publications\/les-articles-de-la-revue-de-la-gendarmerie-nationale\/strategie-de-la-conduite-de-l-innovation-au-pole-judiciaire-de-la-gendarmerie-rgn-271\">strat\u00e9gie de conduite de l&rsquo;innovation<\/a>\u00a0\u00bb ;<\/li>\n\n\n\n<li class=\"has-red-color has-text-color has-link-color wp-elements-38\">un article \u00ab\u00a0<a href=\"https:\/\/vallorem.fr\/medias\/fichier\/davadie-anonyme_1717966152234-pdf?ID_FICHE=547100&amp;INLINE=FALSE\" data-type=\"link\" data-id=\"https:\/\/vallorem.fr\/medias\/fichier\/davadie-anonyme_1717966152234-pdf?ID_FICHE=547100&amp;INLINE=FALSE\">comment faire \u00e9chouer l&rsquo;innovation<\/a>\u00ab\u00a0<\/li>\n<\/ul>\n<\/div>\n<\/div>\n","protected":false},"excerpt":{"rendered":"<p>La s\u00e9r\u00e9nit\u00e9 dans l&rsquo;adversit\u00e9 Toute organisation a \u00e9t\u00e9, est, ou sera confront\u00e9e \u00e0 l&rsquo;adversit\u00e9. S\u00e9curiser votre entreprise, c&rsquo;est lui permettre de traverser les temps difficiles et de pr\u00e9parer son avenir. Nous avons identifi\u00e9 6 domaines principaux pour accroitre le niveau de s\u00fbret\u00e9 de votre organisation : S\u00e9curisation La s\u00e9curisation pr\u00e9vient les atteintes \u00e0 vos biens&hellip; <a class=\"more-link\" href=\"https:\/\/inedix.fr\/index.php\/prestations\/\">Poursuivre la lecture <span class=\"screen-reader-text\">Services<\/span><\/a><\/p>\n","protected":false},"author":1,"featured_media":0,"parent":0,"menu_order":0,"comment_status":"closed","ping_status":"closed","template":"","meta":{"footnotes":""},"class_list":["post-161","page","type-page","status-publish","hentry","entry"],"_links":{"self":[{"href":"https:\/\/inedix.fr\/index.php\/wp-json\/wp\/v2\/pages\/161","targetHints":{"allow":["GET"]}}],"collection":[{"href":"https:\/\/inedix.fr\/index.php\/wp-json\/wp\/v2\/pages"}],"about":[{"href":"https:\/\/inedix.fr\/index.php\/wp-json\/wp\/v2\/types\/page"}],"author":[{"embeddable":true,"href":"https:\/\/inedix.fr\/index.php\/wp-json\/wp\/v2\/users\/1"}],"replies":[{"embeddable":true,"href":"https:\/\/inedix.fr\/index.php\/wp-json\/wp\/v2\/comments?post=161"}],"version-history":[{"count":44,"href":"https:\/\/inedix.fr\/index.php\/wp-json\/wp\/v2\/pages\/161\/revisions"}],"predecessor-version":[{"id":388,"href":"https:\/\/inedix.fr\/index.php\/wp-json\/wp\/v2\/pages\/161\/revisions\/388"}],"wp:attachment":[{"href":"https:\/\/inedix.fr\/index.php\/wp-json\/wp\/v2\/media?parent=161"}],"curies":[{"name":"wp","href":"https:\/\/api.w.org\/{rel}","templated":true}]}}